{"version":"1.0","provider_name":"N\u00e9z\u0151pont","provider_url":"https:\/\/ivikkencsfoto.cafeblog.hu","author_name":"Vikt\u00f3ria P\u00e1dvai","author_url":"https:\/\/ivikkencsfoto.cafeblog.hu\/author\/vikcsyprugmail-com\/","title":"Lesz\u00e1ll az \u00e9j","html":"<p>Az esti v\u00e1rosi f\u00e9nyekkel pr\u00f3b\u00e1lkoztam. \u00c1llv\u00e1nyt egyik esetben sem haszn\u00e1ltam, mert az alkalom sz\u00fcli a fot\u00f3st \u00e9s az \u00e1llv\u00e9nyt mindenhov\u00e1 nem hordom.<br \/>Mivel pesten vagyok a legt\u00f6bbet, ez\u00e9rt mindig Budapest az alany. De a v\u00e9g\u00e9re, csak csak becs\u00faszott egy P\u00e9csi l\u00e1tk\u00e9p is. ;)<br \/><br \/><img class=\"alignnone  wp-image-15\" src=\"https:\/\/ivikkencsfoto.cafeblog.hu\/files\/2016\/06\/DSC00311_DxO-300x200.jpg\" alt=\"DSC00311_DxO\" width=\"500\" height=\"333\" \/><\/p>\r\n<p>ISO: 3200<br \/>Expoz\u00edci\u00f3s id\u0151: 1\/13s<br \/>Lens: 18-55 mm<br \/>Focal Lenght: 55 mm<br \/>Budapest, 2014<\/p>\r\n<p><img class=\"alignnone  wp-image-16\" src=\"https:\/\/ivikkencsfoto.cafeblog.hu\/files\/2016\/06\/DSC00318_DxO-300x200.jpg\" alt=\"DSC00318_DxO\" width=\"500\" height=\"333\" \/> <\/p>\r\n<p>ISO: 3200<br \/>Expoz\u00edci\u00f3s id\u0151: 1\/25s<br \/>Lens: 18-55 mm<br \/>Focal Lenght: 55 mm<br \/>Budapest, 2014<\/p>\r\n<p><img class=\"alignnone  wp-image-17\" src=\"https:\/\/ivikkencsfoto.cafeblog.hu\/files\/2016\/06\/DSC00321_DxO-300x200.jpg\" alt=\"DSC00321_DxO\" width=\"500\" height=\"333\" \/> <\/p>\r\n<p>ISO: 6400<br \/>Expoz\u00edci\u00f3s id\u0151: 1\/15s<br \/>Lens: 55-200 mm<br \/>Focal Lenght: 90 mm<br \/>Budapest, 2014<\/p>\r\n<p><img class=\"alignnone  wp-image-18\" src=\"https:\/\/ivikkencsfoto.cafeblog.hu\/files\/2016\/06\/DSC00325_DxO-300x200.jpg\" alt=\"DSC00325_DxO\" width=\"500\" height=\"333\" \/> <\/p>\r\n<p>ISO: 6400<br \/>Expoz\u00edci\u00f3s id\u0151: 1\/20s<br \/>Lens: 55 -200 mm<br \/>Focal Lenght: 75 mm<br \/>Budapest, 2014<\/p>\r\n<p><img class=\"alignnone  wp-image-19\" src=\"https:\/\/ivikkencsfoto.cafeblog.hu\/files\/2016\/06\/DSC08993_DxO-300x200.jpg\" alt=\"DSC08993_DxO\" width=\"500\" height=\"333\" \/> <\/p>\r\n<p>ISO: 3200<br \/>Expoz\u00edci\u00f3s id\u0151: 1\/2s<br \/>Lens: 18-55 mm<br \/>Focal Lenght: 55 mm<br \/>P\u00e9cs, 2015<\/p>\r\n<p><img class=\"alignnone  wp-image-20\" src=\"https:\/\/ivikkencsfoto.cafeblog.hu\/files\/2016\/06\/DSC09008_DxO-300x200.jpg\" alt=\"DSC09008_DxO\" width=\"500\" height=\"333\" \/><\/p>\r\n<p>ISO: 3200<br \/>Expoz\u00edci\u00f3s id\u0151: 1\/10s<br \/>Lens: 55-200 mm<br \/>Focal Lenght: 200 mm<br \/>P\u00e9cs, 2015<\/p>","type":"rich","thumbnail_url":"https:\/\/ivikkencsfoto.cafeblog.hu\/files\/2016\/06\/DSC00311_DxO-150x150.jpg","thumbnail_width":150,"thumbnail_height":150}